{"id":184,"date":"2022-07-03T16:52:54","date_gmt":"2022-07-03T14:52:54","guid":{"rendered":"http:\/\/egzqzgl.cluster031.hosting.ovh.net\/?page_id=184"},"modified":"2026-01-13T15:37:11","modified_gmt":"2026-01-13T14:37:11","slug":"lenergie-dun-collectif-fluide","status":"publish","type":"page","link":"https:\/\/virginieroland.fr\/","title":{"rendered":"L&rsquo;\u00e9nergie d&rsquo;un leadership inspirant"},"content":{"rendered":"\n<div class=\"wp-block-cover is-light has-background-color has-text-color has-link-color has-medium-large-font-size wp-elements-1\" style=\"min-height:700px;aspect-ratio:unset;\"><img loading=\"lazy\" decoding=\"async\" width=\"740\" height=\"416\" class=\"wp-block-cover__image-background wp-image-2380 size-full\" alt=\"\" src=\"https:\/\/virginieroland.fr\/wp-content\/uploads\/2026\/01\/majestic-wave-breaks-revealing-golden-glow-beneath_9975-32860-1.jpg\" style=\"object-position:0% 51%\" data-object-fit=\"cover\" data-object-position=\"0% 51%\" srcset=\"https:\/\/virginieroland.fr\/wp-content\/uploads\/2026\/01\/majestic-wave-breaks-revealing-golden-glow-beneath_9975-32860-1.jpg 740w, https:\/\/virginieroland.fr\/wp-content\/uploads\/2026\/01\/majestic-wave-breaks-revealing-golden-glow-beneath_9975-32860-1-300x169.jpg 300w, https:\/\/virginieroland.fr\/wp-content\/uploads\/2026\/01\/majestic-wave-breaks-revealing-golden-glow-beneath_9975-32860-1-600x337.jpg 600w\" sizes=\"auto, (max-width: 740px) 100vw, 740px\" \/><span aria-hidden=\"true\" class=\"wp-block-cover__background has-background-dim-0 has-background-dim\" style=\"background-color:#FFF\"><\/span><div class=\"wp-block-cover__inner-container is-layout-flow wp-block-cover-is-layout-flow\">\n<p class=\"has-text-align-center has-background-color has-text-color has-link-color wp-elements-2 wp-block-paragraph\">Entreprendre sans s&rsquo;\u00e9puiser<\/p>\n\n\n\n<div class=\"wp-block-columns alignwide is-layout-flex wp-container-core-columns-is-layout-f56f613f wp-block-columns-is-layout-flex\">\n<div class=\"wp-block-column is-layout-flow wp-block-column-is-layout-flow\">\n<div class=\"wp-block-buttons is-content-justification-center is-layout-flex wp-container-core-buttons-is-layout-20959078 wp-block-buttons-is-layout-flex\">\n<div class=\"wp-block-button is-style-outline is-style-outline--1\"><a class=\"wp-block-button__link has-medium-font-size has-custom-font-size wp-element-button\"><strong>Des formations uniques pour un impact durable<\/strong> !<\/a><\/div>\n<\/div>\n<\/div>\n<\/div>\n<\/div><\/div>\n\n\n\n<div style=\"height:30px\" aria-hidden=\"true\" class=\"wp-block-spacer\"><\/div>\n\n\n\n<h2 class=\"wp-block-heading has-text-align-center is-style-default has-custom-couleur-1-color has-text-color has-link-color has-large-font-size wp-elements-3\"><strong>Les Transformations<\/strong><\/h2>\n\n\n\n<div class=\"wp-block-columns alignwide is-layout-flex wp-container-core-columns-is-layout-cde32994 wp-block-columns-is-layout-flex\" style=\"margin-bottom:0\">\n<div class=\"wp-block-column has-background-background-color has-text-color has-background has-link-color wp-elements-4 is-layout-flow wp-block-column-is-layout-flow\" style=\"color:#000000;padding-top:2em;padding-right:2em;padding-bottom:2em;padding-left:2em\">\n<h3 class=\"wp-block-heading has-custom-couleur-5-color has-text-color has-link-color wp-elements-5\"><strong>Retrouver l\u2019\u00e9quilibre face au stress pour<\/strong> <strong>performer !<\/strong><\/h3>\n\n\n\n<p class=\"has-foreground-color has-text-color has-link-color wp-elements-6 wp-block-paragraph\"><strong>Le stress n\u2019est pas l\u2019ennemi. Ce qui pose probl\u00e8me, c\u2019est notre difficult\u00e9 \u00e0 r\u00e9guler efficacement notre syst\u00e8me nerveux. Avec le programme \u00ab R\u00e9gulStress \u00bb, offrez \u00e0 vos collaborateurs des outils simples et scientifiquement valid\u00e9s pour mieux g\u00e9rer leur stress et retrouver leur bien-\u00eatre.<\/strong><\/p>\n\n\n\n<p class=\"has-custom-couleur-1-color has-text-color has-link-color wp-elements-7 wp-block-paragraph\"><strong>Am\u00e9lioration du bien-\u00eatre global<\/strong><br><strong>Diminution des tensions au travail<\/strong><br><strong>Optimisation<\/strong> <strong>de la performance individuelle et collective<\/strong><\/p>\n\n\n\n<div style=\"height:20px\" aria-hidden=\"true\" class=\"wp-block-spacer\"><\/div>\n\n\n\n<figure class=\"wp-block-gallery aligncenter has-nested-images columns-default is-cropped wp-block-gallery-2 is-layout-flex wp-block-gallery-is-layout-flex\">\n<figure class=\"wp-block-image size-full\"><img loading=\"lazy\" decoding=\"async\" width=\"650\" height=\"667\" data-id=\"2152\" src=\"https:\/\/virginieroland.fr\/wp-content\/uploads\/2025\/02\/Dirigeant-Expression-Joie.jpg\" alt=\"\" class=\"wp-image-2152\" srcset=\"https:\/\/virginieroland.fr\/wp-content\/uploads\/2025\/02\/Dirigeant-Expression-Joie.jpg 650w, https:\/\/virginieroland.fr\/wp-content\/uploads\/2025\/02\/Dirigeant-Expression-Joie-292x300.jpg 292w, https:\/\/virginieroland.fr\/wp-content\/uploads\/2025\/02\/Dirigeant-Expression-Joie-600x616.jpg 600w\" sizes=\"auto, (max-width: 650px) 100vw, 650px\" \/><\/figure>\n\n\n\n<figure class=\"wp-block-image size-full\"><img loading=\"lazy\" decoding=\"async\" width=\"650\" height=\"667\" data-id=\"2153\" src=\"https:\/\/virginieroland.fr\/wp-content\/uploads\/2025\/02\/Etirement-au-bureau.jpg\" alt=\"\" class=\"wp-image-2153\" srcset=\"https:\/\/virginieroland.fr\/wp-content\/uploads\/2025\/02\/Etirement-au-bureau.jpg 650w, https:\/\/virginieroland.fr\/wp-content\/uploads\/2025\/02\/Etirement-au-bureau-292x300.jpg 292w, https:\/\/virginieroland.fr\/wp-content\/uploads\/2025\/02\/Etirement-au-bureau-600x616.jpg 600w\" sizes=\"auto, (max-width: 650px) 100vw, 650px\" \/><\/figure>\n<\/figure>\n\n\n\n<p class=\"has-foreground-color has-text-color has-link-color wp-elements-8 wp-block-paragraph\">4 1\/2 journ\u00e9es espac\u00e9es d\u2019une semaine pour apprendre \u00e0 r\u00e9guler son syst\u00e8me nerveux et son stress.<\/p>\n\n\n\n<h4 class=\"wp-block-heading is-style-ona-alt-font has-custom-couleur-5-color has-text-color has-link-color has-medium-large-font-size wp-elements-9\"><strong>Contenu du programme<\/strong><\/h4>\n\n\n\n<p class=\"wp-block-paragraph\"><strong>Semaine 1 <\/strong>: Comprendre son syst\u00e8me naturel anti-stress et reconna\u00eetre ses \u00e9tats de stress.<\/p>\n\n\n\n<p class=\"wp-block-paragraph\"><strong>Semaine 2<\/strong> : Identifier les d\u00e9clencheurs du stress et d\u00e9couvrir ses m\u00e9canismes personnels de r\u00e9gulation.<\/p>\n\n\n\n<p class=\"wp-block-paragraph\"><strong>Semaine 3<\/strong> : Exploiter les pouvoirs du nerf vague pour renforcer sa r\u00e9silience face au stress.<\/p>\n\n\n\n<p class=\"wp-block-paragraph\"><strong>Semaine 4<\/strong> : Construire un plan d\u2019action pour maintenir durablement un syst\u00e8me nerveux \u00e9quilibr\u00e9.<\/p>\n\n\n\n<blockquote class=\"wp-block-quote is-layout-flow wp-block-quote-is-layout-flow\">\n<p class=\"has-custom-couleur-1-color has-text-color has-link-color wp-elements-10 wp-block-paragraph\"><strong>Une approche innovante <\/strong><br><strong>fond\u00e9e sur les recherches r\u00e9centes <\/strong><br><strong>en neurobiologie<\/strong> <strong>de la confiance<\/strong><\/p>\n<\/blockquote>\n<\/div>\n\n\n\n<div class=\"wp-block-column has-background-background-color has-text-color has-background has-link-color wp-elements-11 is-layout-flow wp-block-column-is-layout-flow\" style=\"color:#000000;padding-top:2em;padding-right:2em;padding-bottom:2em;padding-left:2em\">\n<h3 class=\"wp-block-heading has-text-align-left has-custom-couleur-5-color has-text-color has-link-color wp-elements-12\"><strong>Transformer la communication<\/strong> <strong>pour des \u00e9quipes performantes<\/strong><\/h3>\n\n\n\n<p class=\"has-foreground-color has-text-color has-link-color wp-elements-13 wp-block-paragraph\"><strong>Une communication efficace est un levier majeur de la r\u00e9ussite en \u00e9quipe. Gr\u00e2ce \u00e0 des outils bas\u00e9s sur la neurobiologie de la confiance, d\u00e9couvrez comment am\u00e9liorer les \u00e9changes et favoriser la collaboration.<\/strong><\/p>\n\n\n\n<p class=\"has-custom-couleur-1-color has-text-color has-link-color wp-elements-14 wp-block-paragraph\"><strong>Une communication fluide, m\u00eame dans les situations d\u00e9licates<\/strong><br><strong>Une meilleure compr\u00e9hension entre coll\u00e8gues<\/strong><br><strong>Optimisation<\/strong> <strong>de la performance individuelle et collective<\/strong><\/p>\n\n\n\n<div style=\"height:20px\" aria-hidden=\"true\" class=\"wp-block-spacer\"><\/div>\n\n\n\n<figure class=\"wp-block-gallery has-nested-images columns-default is-cropped wp-block-gallery-3 is-layout-flex wp-block-gallery-is-layout-flex\">\n<figure class=\"wp-block-image size-large\"><img loading=\"lazy\" decoding=\"async\" width=\"650\" height=\"667\" data-id=\"2154\" src=\"https:\/\/virginieroland.fr\/wp-content\/uploads\/2025\/02\/Equipe-succes.jpg\" alt=\"\" class=\"wp-image-2154\" srcset=\"https:\/\/virginieroland.fr\/wp-content\/uploads\/2025\/02\/Equipe-succes.jpg 650w, https:\/\/virginieroland.fr\/wp-content\/uploads\/2025\/02\/Equipe-succes-292x300.jpg 292w, https:\/\/virginieroland.fr\/wp-content\/uploads\/2025\/02\/Equipe-succes-600x616.jpg 600w\" sizes=\"auto, (max-width: 650px) 100vw, 650px\" \/><\/figure>\n\n\n\n<figure class=\"wp-block-image size-large\"><img loading=\"lazy\" decoding=\"async\" width=\"650\" height=\"667\" data-id=\"2155\" src=\"https:\/\/virginieroland.fr\/wp-content\/uploads\/2025\/02\/Equipe-Cooperation.jpg\" alt=\"\" class=\"wp-image-2155\" srcset=\"https:\/\/virginieroland.fr\/wp-content\/uploads\/2025\/02\/Equipe-Cooperation.jpg 650w, https:\/\/virginieroland.fr\/wp-content\/uploads\/2025\/02\/Equipe-Cooperation-292x300.jpg 292w, https:\/\/virginieroland.fr\/wp-content\/uploads\/2025\/02\/Equipe-Cooperation-600x616.jpg 600w\" sizes=\"auto, (max-width: 650px) 100vw, 650px\" \/><\/figure>\n<\/figure>\n\n\n\n<p class=\"has-foreground-color has-text-color has-link-color wp-elements-15 wp-block-paragraph\">4 1\/2 journ\u00e9es espac\u00e9es d\u2019une semaine pour d\u00e9velopper la capacit\u00e9 d\u2019auto-r\u00e9gulation et de co-r\u00e9gulation de ses collaborateurs.<\/p>\n\n\n\n<h4 class=\"wp-block-heading is-style-ona-alt-font has-custom-couleur-5-color has-text-color has-link-color has-medium-large-font-size wp-elements-16\"><strong>Contenu du programme<\/strong><\/h4>\n\n\n\n<p class=\"wp-block-paragraph\"><strong>Semaine 1<\/strong> : D\u00e9coder les types de communication et leurs impacts sur la collaboration.<\/p>\n\n\n\n<p class=\"wp-block-paragraph\"><strong>Semaine 2<\/strong> : Comprendre les liens entre s\u00e9curit\u00e9 int\u00e9rieure et communication.<\/p>\n\n\n\n<p class=\"wp-block-paragraph\"><strong>Semaine 3 <\/strong>: Cr\u00e9er des relations positives en s\u2019adaptant aux \u00e9tats \u00e9motionnels des collaborateurs.<\/p>\n\n\n\n<p class=\"wp-block-paragraph\"><strong>Semaine 4<\/strong> : D\u00e9velopper la co-r\u00e9gulation pour des relations de confiance durable.<\/p>\n\n\n\n<blockquote class=\"wp-block-quote is-layout-flow wp-block-quote-is-layout-flow\">\n<p class=\"has-custom-couleur-1-color has-text-color has-link-color wp-elements-17 wp-block-paragraph\"><strong>Soft Skill<\/strong> <strong>entreprise<\/strong> <br><strong>LA FLEXIBILIT\u00c9 VAGALE<\/strong><\/p>\n<\/blockquote>\n<\/div>\n<\/div>\n\n\n\n<div style=\"height:40px\" aria-hidden=\"true\" class=\"wp-block-spacer\"><\/div>\n\n\n\n<hr class=\"wp-block-separator has-text-color has-custom-couleur-1-color has-alpha-channel-opacity has-custom-couleur-1-background-color has-background is-style-dots\" style=\"margin-top:var(--wp--preset--spacing--40);margin-bottom:var(--wp--preset--spacing--40)\"\/>\n\n\n\n<h2 class=\"wp-block-heading has-text-align-center has-custom-couleur-1-color has-text-color has-link-color wp-elements-18\"><strong>Mon approche<\/strong><\/h2>\n\n\n\n<div id=\"wp-block-themeisle-blocks-advanced-columns-88357565\" class=\"wp-block-themeisle-blocks-advanced-columns alignfull has-2-columns has-desktop-equal-layout has-tablet-equal-layout has-mobile-collapsedRows-layout has-reverse-columns-mobile has-vertical-center ticss-c00aadba\"><div class=\"wp-block-themeisle-blocks-advanced-columns-overlay\"><\/div><div class=\"innerblocks-wrap\">\n<div id=\"wp-block-themeisle-blocks-advanced-column-65377dfd\" class=\"wp-block-themeisle-blocks-advanced-column\">\n<figure class=\"wp-block-image aligncenter size-full is-resized is-style-rounded\"><img loading=\"lazy\" decoding=\"async\" width=\"639\" height=\"954\" src=\"https:\/\/virginieroland.fr\/wp-content\/uploads\/2025\/02\/IMG_20241206_Moi.jpg\" alt=\"\" class=\"wp-image-2158\" style=\"object-fit:cover;width:250px;height:250px\" srcset=\"https:\/\/virginieroland.fr\/wp-content\/uploads\/2025\/02\/IMG_20241206_Moi.jpg 639w, https:\/\/virginieroland.fr\/wp-content\/uploads\/2025\/02\/IMG_20241206_Moi-201x300.jpg 201w, https:\/\/virginieroland.fr\/wp-content\/uploads\/2025\/02\/IMG_20241206_Moi-600x896.jpg 600w\" sizes=\"auto, (max-width: 639px) 100vw, 639px\" \/><\/figure>\n<\/div>\n\n\n\n<div id=\"wp-block-themeisle-blocks-advanced-column-ccb43057\" class=\"wp-block-themeisle-blocks-advanced-column\">\n<p id=\"wp-block-themeisle-blocks-advanced-heading-fa0dd853\" class=\"wp-block-themeisle-blocks-advanced-heading wp-block-themeisle-blocks-advanced-heading-fa0dd853\"><strong><em>L<\/em><strong><em>a cl\u00e9 d\u2019une communication fluide, d\u2019un leadership serein et d\u2019une \u00e9quipe soud\u00e9e ne r\u00e9side pas uniquement dans les mots\u2026 mais dans notre capacit\u00e9 \u00e0 r\u00e9guler notre syst\u00e8me nerveux.<\/em><\/strong><\/strong><\/p>\n\n\n\n<p id=\"wp-block-themeisle-blocks-advanced-heading-37339a78\" class=\"wp-block-themeisle-blocks-advanced-heading wp-block-themeisle-blocks-advanced-heading-37339a78\"><\/p>\n<\/div>\n<\/div><\/div>\n\n\n\n<p class=\"has-foreground-color has-text-color has-link-color wp-elements-19 wp-block-paragraph\" id=\"block-fb8bf5f1-4a2f-48fb-8b99-59f1625194c5\">Je suis <strong>Virginie Roland<\/strong><br>Communicante depuis 25 ans . coach certifi\u00e9e Pleine Confiance . formatrice en entreprise<\/p>\n\n\n\n<p class=\"has-foreground-color has-text-color has-link-color wp-elements-20 wp-block-paragraph\">Je propose une approche innovante fond\u00e9e sur les recherches r\u00e9centes en neurobiologie de la confiance et du nerf vague, men\u00e9es par Dr Stephen Porg\u00e8s, pour mieux g\u00e9rer le stress, am\u00e9liorer la motivation et fluidifier les relations au sein de l\u2019entreprise.<\/p>\n\n\n\n<p class=\"has-custom-couleur-1-color has-text-color has-link-color wp-elements-21 wp-block-paragraph\"><strong>&#8211; D\u00e9cider avec plus de clart\u00e9 et d\u2019efficacit\u00e9<br>&#8211; G\u00e9rer les tensions et le stress avec fluidit\u00e9<br>&#8211; Inspirer et mobiliser les \u00e9quipes avec une communication plus authentique et impactante<\/strong><\/p>\n\n\n\n<p class=\"has-foreground-color has-text-color has-link-color wp-elements-22 wp-block-paragraph\">Gr\u00e2ce \u00e0 des formations et accompagnements qui permettent de d\u00e9velopper sa Flexibilit\u00e9 Vagale, pour passer d\u2019une communication automatique et stress\u00e9e\u2026 \u00e0 une communication ma\u00eetris\u00e9e et align\u00e9e.<\/p>\n\n\n\n<h4 class=\"wp-block-heading has-text-align-right is-style-ona-alt-font has-foreground-color has-text-color has-link-color has-medium-large-font-size wp-elements-23\">\u2e19 <em>A propos<strong> <\/strong><\/em> <\/h4>\n\n\n\n<div style=\"height:40px\" aria-hidden=\"true\" class=\"wp-block-spacer\"><\/div>\n\n\n\n<div style=\"height:25px\" aria-hidden=\"true\" class=\"wp-block-spacer\"><\/div>\n","protected":false},"excerpt":{"rendered":"<p>Les Transformations Retrouver l\u2019\u00e9quilibre face au stress pour performer ! Le stress n\u2019est pas l\u2019ennemi. Ce qui pose probl\u00e8me, c\u2019est notre difficult\u00e9 \u00e0 r\u00e9guler efficacement notre syst\u00e8me nerveux. Avec le programme \u00ab R\u00e9gulStress \u00bb, offrez \u00e0 vos collaborateurs des outils simples et scientifiquement valid\u00e9s pour mieux g\u00e9rer leur stress et retrouver leur bien-\u00eatre. Am\u00e9lioration du [&hellip;]<\/p>\n","protected":false},"author":1,"featured_media":2137,"parent":0,"menu_order":0,"comment_status":"closed","ping_status":"closed","template":"","meta":{"_themeisle_gutenberg_block_has_review":false,"footnotes":""},"class_list":["post-184","page","type-page","status-publish","has-post-thumbnail","hentry"],"yoast_head":"<!-- This site is optimized with the Yoast SEO plugin v22.3 - https:\/\/yoast.com\/wordpress\/plugins\/seo\/ -->\n<title>L&#039;\u00e9nergie d&#039;un leadership inspirant - Virginie Roland<\/title>\n<meta name=\"description\" content=\"L&#039;\u00e9nergie d&#039;un collectif fluide. Boostez bien-\u00eatre et efficacit\u00e9 au sein de votre entreprise. Des formations uniques pour un impact durable !\" \/>\n<meta name=\"robots\" content=\"index, follow, max-snippet:-1, max-image-preview:large, max-video-preview:-1\" \/>\n<link rel=\"canonical\" href=\"https:\/\/virginieroland.fr\/\" \/>\n<meta property=\"og:locale\" content=\"fr_FR\" \/>\n<meta property=\"og:type\" content=\"article\" \/>\n<meta property=\"og:title\" content=\"L&#039;\u00e9nergie d&#039;un leadership inspirant - Virginie Roland\" \/>\n<meta property=\"og:description\" content=\"L&#039;\u00e9nergie d&#039;un collectif fluide. Boostez bien-\u00eatre et efficacit\u00e9 au sein de votre entreprise. Des formations uniques pour un impact durable !\" \/>\n<meta property=\"og:url\" content=\"https:\/\/virginieroland.fr\/\" \/>\n<meta property=\"og:site_name\" content=\"Virginie Roland\" \/>\n<meta property=\"article:modified_time\" content=\"2026-01-13T14:37:11+00:00\" \/>\n<meta property=\"og:image\" content=\"https:\/\/virginieroland.fr\/wp-content\/uploads\/2025\/02\/VagueHumaine-Unsplash-BLelievre.jpg\" \/>\n\t<meta property=\"og:image:width\" content=\"1920\" \/>\n\t<meta property=\"og:image:height\" content=\"983\" \/>\n\t<meta property=\"og:image:type\" content=\"image\/jpeg\" \/>\n<meta name=\"twitter:card\" content=\"summary_large_image\" \/>\n<meta name=\"twitter:label1\" content=\"Dur\u00e9e de lecture estim\u00e9e\" \/>\n\t<meta name=\"twitter:data1\" content=\"4 minutes\" \/>\n<script type=\"application\/ld+json\" class=\"yoast-schema-graph\">{\"@context\":\"https:\/\/schema.org\",\"@graph\":[{\"@type\":\"WebPage\",\"@id\":\"https:\/\/virginieroland.fr\/\",\"url\":\"https:\/\/virginieroland.fr\/\",\"name\":\"L'\u00e9nergie d'un leadership inspirant - Virginie Roland\",\"isPartOf\":{\"@id\":\"https:\/\/virginieroland.fr\/#website\"},\"primaryImageOfPage\":{\"@id\":\"https:\/\/virginieroland.fr\/#primaryimage\"},\"image\":{\"@id\":\"https:\/\/virginieroland.fr\/#primaryimage\"},\"thumbnailUrl\":\"https:\/\/virginieroland.fr\/wp-content\/uploads\/2025\/02\/VagueHumaine-Unsplash-BLelievre.jpg\",\"datePublished\":\"2022-07-03T14:52:54+00:00\",\"dateModified\":\"2026-01-13T14:37:11+00:00\",\"description\":\"L'\u00e9nergie d'un collectif fluide. Boostez bien-\u00eatre et efficacit\u00e9 au sein de votre entreprise. Des formations uniques pour un impact durable !\",\"breadcrumb\":{\"@id\":\"https:\/\/virginieroland.fr\/#breadcrumb\"},\"inLanguage\":\"fr-FR\",\"potentialAction\":[{\"@type\":\"ReadAction\",\"target\":[\"https:\/\/virginieroland.fr\/\"]}]},{\"@type\":\"ImageObject\",\"inLanguage\":\"fr-FR\",\"@id\":\"https:\/\/virginieroland.fr\/#primaryimage\",\"url\":\"https:\/\/virginieroland.fr\/wp-content\/uploads\/2025\/02\/VagueHumaine-Unsplash-BLelievre.jpg\",\"contentUrl\":\"https:\/\/virginieroland.fr\/wp-content\/uploads\/2025\/02\/VagueHumaine-Unsplash-BLelievre.jpg\",\"width\":1920,\"height\":983},{\"@type\":\"BreadcrumbList\",\"@id\":\"https:\/\/virginieroland.fr\/#breadcrumb\",\"itemListElement\":[{\"@type\":\"ListItem\",\"position\":1,\"name\":\"Vague Humaine\",\"item\":\"https:\/\/virginieroland.fr\/\"},{\"@type\":\"ListItem\",\"position\":2,\"name\":\"L&rsquo;\u00e9nergie d&rsquo;un leadership inspirant\"}]},{\"@type\":\"WebSite\",\"@id\":\"https:\/\/virginieroland.fr\/#website\",\"url\":\"https:\/\/virginieroland.fr\/\",\"name\":\"Virginie Roland\",\"description\":\"Initiatrice de transitions\",\"publisher\":{\"@id\":\"https:\/\/virginieroland.fr\/#organization\"},\"potentialAction\":[{\"@type\":\"SearchAction\",\"target\":{\"@type\":\"EntryPoint\",\"urlTemplate\":\"https:\/\/virginieroland.fr\/?s={search_term_string}\"},\"query-input\":\"required name=search_term_string\"}],\"inLanguage\":\"fr-FR\"},{\"@type\":\"Organization\",\"@id\":\"https:\/\/virginieroland.fr\/#organization\",\"name\":\"Virginie Roland\",\"url\":\"https:\/\/virginieroland.fr\/\",\"logo\":{\"@type\":\"ImageObject\",\"inLanguage\":\"fr-FR\",\"@id\":\"https:\/\/virginieroland.fr\/#\/schema\/logo\/image\/\",\"url\":\"https:\/\/virginieroland.fr\/wp-content\/uploads\/2022\/07\/cropped-cropped-logo-Coaching2-1.png\",\"contentUrl\":\"https:\/\/virginieroland.fr\/wp-content\/uploads\/2022\/07\/cropped-cropped-logo-Coaching2-1.png\",\"width\":296,\"height\":250,\"caption\":\"Virginie Roland\"},\"image\":{\"@id\":\"https:\/\/virginieroland.fr\/#\/schema\/logo\/image\/\"}}]}<\/script>\n<!-- \/ Yoast SEO plugin. -->","yoast_head_json":{"title":"L'\u00e9nergie d'un leadership inspirant - Virginie Roland","description":"L'\u00e9nergie d'un collectif fluide. Boostez bien-\u00eatre et efficacit\u00e9 au sein de votre entreprise. Des formations uniques pour un impact durable !","robots":{"index":"index","follow":"follow","max-snippet":"max-snippet:-1","max-image-preview":"max-image-preview:large","max-video-preview":"max-video-preview:-1"},"canonical":"https:\/\/virginieroland.fr\/","og_locale":"fr_FR","og_type":"article","og_title":"L'\u00e9nergie d'un leadership inspirant - Virginie Roland","og_description":"L'\u00e9nergie d'un collectif fluide. Boostez bien-\u00eatre et efficacit\u00e9 au sein de votre entreprise. Des formations uniques pour un impact durable !","og_url":"https:\/\/virginieroland.fr\/","og_site_name":"Virginie Roland","article_modified_time":"2026-01-13T14:37:11+00:00","og_image":[{"width":1920,"height":983,"url":"https:\/\/virginieroland.fr\/wp-content\/uploads\/2025\/02\/VagueHumaine-Unsplash-BLelievre.jpg","type":"image\/jpeg"}],"twitter_card":"summary_large_image","twitter_misc":{"Dur\u00e9e de lecture estim\u00e9e":"4 minutes"},"schema":{"@context":"https:\/\/schema.org","@graph":[{"@type":"WebPage","@id":"https:\/\/virginieroland.fr\/","url":"https:\/\/virginieroland.fr\/","name":"L'\u00e9nergie d'un leadership inspirant - Virginie Roland","isPartOf":{"@id":"https:\/\/virginieroland.fr\/#website"},"primaryImageOfPage":{"@id":"https:\/\/virginieroland.fr\/#primaryimage"},"image":{"@id":"https:\/\/virginieroland.fr\/#primaryimage"},"thumbnailUrl":"https:\/\/virginieroland.fr\/wp-content\/uploads\/2025\/02\/VagueHumaine-Unsplash-BLelievre.jpg","datePublished":"2022-07-03T14:52:54+00:00","dateModified":"2026-01-13T14:37:11+00:00","description":"L'\u00e9nergie d'un collectif fluide. Boostez bien-\u00eatre et efficacit\u00e9 au sein de votre entreprise. Des formations uniques pour un impact durable !","breadcrumb":{"@id":"https:\/\/virginieroland.fr\/#breadcrumb"},"inLanguage":"fr-FR","potentialAction":[{"@type":"ReadAction","target":["https:\/\/virginieroland.fr\/"]}]},{"@type":"ImageObject","inLanguage":"fr-FR","@id":"https:\/\/virginieroland.fr\/#primaryimage","url":"https:\/\/virginieroland.fr\/wp-content\/uploads\/2025\/02\/VagueHumaine-Unsplash-BLelievre.jpg","contentUrl":"https:\/\/virginieroland.fr\/wp-content\/uploads\/2025\/02\/VagueHumaine-Unsplash-BLelievre.jpg","width":1920,"height":983},{"@type":"BreadcrumbList","@id":"https:\/\/virginieroland.fr\/#breadcrumb","itemListElement":[{"@type":"ListItem","position":1,"name":"Vague Humaine","item":"https:\/\/virginieroland.fr\/"},{"@type":"ListItem","position":2,"name":"L&rsquo;\u00e9nergie d&rsquo;un leadership inspirant"}]},{"@type":"WebSite","@id":"https:\/\/virginieroland.fr\/#website","url":"https:\/\/virginieroland.fr\/","name":"Virginie Roland","description":"Initiatrice de transitions","publisher":{"@id":"https:\/\/virginieroland.fr\/#organization"},"potentialAction":[{"@type":"SearchAction","target":{"@type":"EntryPoint","urlTemplate":"https:\/\/virginieroland.fr\/?s={search_term_string}"},"query-input":"required name=search_term_string"}],"inLanguage":"fr-FR"},{"@type":"Organization","@id":"https:\/\/virginieroland.fr\/#organization","name":"Virginie Roland","url":"https:\/\/virginieroland.fr\/","logo":{"@type":"ImageObject","inLanguage":"fr-FR","@id":"https:\/\/virginieroland.fr\/#\/schema\/logo\/image\/","url":"https:\/\/virginieroland.fr\/wp-content\/uploads\/2022\/07\/cropped-cropped-logo-Coaching2-1.png","contentUrl":"https:\/\/virginieroland.fr\/wp-content\/uploads\/2022\/07\/cropped-cropped-logo-Coaching2-1.png","width":296,"height":250,"caption":"Virginie Roland"},"image":{"@id":"https:\/\/virginieroland.fr\/#\/schema\/logo\/image\/"}}]}},"featured_media_urls":{"thumbnail":["https:\/\/virginieroland.fr\/wp-content\/uploads\/2025\/02\/VagueHumaine-Unsplash-BLelievre-150x150.jpg",150,150,true],"medium":["https:\/\/virginieroland.fr\/wp-content\/uploads\/2025\/02\/VagueHumaine-Unsplash-BLelievre-300x154.jpg",300,154,true],"medium_large":["https:\/\/virginieroland.fr\/wp-content\/uploads\/2025\/02\/VagueHumaine-Unsplash-BLelievre-768x393.jpg",768,393,true],"large":["https:\/\/virginieroland.fr\/wp-content\/uploads\/2025\/02\/VagueHumaine-Unsplash-BLelievre-1024x524.jpg",1024,524,true],"1536x1536":["https:\/\/virginieroland.fr\/wp-content\/uploads\/2025\/02\/VagueHumaine-Unsplash-BLelievre-1536x786.jpg",1536,786,true],"2048x2048":["https:\/\/virginieroland.fr\/wp-content\/uploads\/2025\/02\/VagueHumaine-Unsplash-BLelievre.jpg",1920,983,false],"gg_gallery_thumbnail":["https:\/\/virginieroland.fr\/wp-content\/uploads\/2025\/02\/VagueHumaine-Unsplash-BLelievre-450x250.jpg",450,250,true],"post-thumbnail":["https:\/\/virginieroland.fr\/wp-content\/uploads\/2025\/02\/VagueHumaine-Unsplash-BLelievre-1170x599.jpg",1170,599,true],"portfolio_item-thumbnail":["https:\/\/virginieroland.fr\/wp-content\/uploads\/2025\/02\/VagueHumaine-Unsplash-BLelievre.jpg",600,307,false],"portfolio_item-thumbnail@2x":["https:\/\/virginieroland.fr\/wp-content\/uploads\/2025\/02\/VagueHumaine-Unsplash-BLelievre.jpg",1200,614,false],"portfolio_item-masonry":["https:\/\/virginieroland.fr\/wp-content\/uploads\/2025\/02\/VagueHumaine-Unsplash-BLelievre.jpg",600,307,false],"portfolio_item-masonry@2x":["https:\/\/virginieroland.fr\/wp-content\/uploads\/2025\/02\/VagueHumaine-Unsplash-BLelievre.jpg",1200,614,false],"portfolio_item-thumbnail_cinema":["https:\/\/virginieroland.fr\/wp-content\/uploads\/2025\/02\/VagueHumaine-Unsplash-BLelievre.jpg",654,335,false],"portfolio_item-thumbnail_portrait":["https:\/\/virginieroland.fr\/wp-content\/uploads\/2025\/02\/VagueHumaine-Unsplash-BLelievre.jpg",600,307,false],"portfolio_item-thumbnail_portrait@2x":["https:\/\/virginieroland.fr\/wp-content\/uploads\/2025\/02\/VagueHumaine-Unsplash-BLelievre.jpg",1200,614,false],"portfolio_item-thumbnail_square":["https:\/\/virginieroland.fr\/wp-content\/uploads\/2025\/02\/VagueHumaine-Unsplash-BLelievre.jpg",800,410,false]},"_links":{"self":[{"href":"https:\/\/virginieroland.fr\/index.php\/wp-json\/wp\/v2\/pages\/184","targetHints":{"allow":["GET"]}}],"collection":[{"href":"https:\/\/virginieroland.fr\/index.php\/wp-json\/wp\/v2\/pages"}],"about":[{"href":"https:\/\/virginieroland.fr\/index.php\/wp-json\/wp\/v2\/types\/page"}],"author":[{"embeddable":true,"href":"https:\/\/virginieroland.fr\/index.php\/wp-json\/wp\/v2\/users\/1"}],"replies":[{"embeddable":true,"href":"https:\/\/virginieroland.fr\/index.php\/wp-json\/wp\/v2\/comments?post=184"}],"version-history":[{"count":30,"href":"https:\/\/virginieroland.fr\/index.php\/wp-json\/wp\/v2\/pages\/184\/revisions"}],"predecessor-version":[{"id":2381,"href":"https:\/\/virginieroland.fr\/index.php\/wp-json\/wp\/v2\/pages\/184\/revisions\/2381"}],"wp:featuredmedia":[{"embeddable":true,"href":"https:\/\/virginieroland.fr\/index.php\/wp-json\/wp\/v2\/media\/2137"}],"wp:attachment":[{"href":"https:\/\/virginieroland.fr\/index.php\/wp-json\/wp\/v2\/media?parent=184"}],"curies":[{"name":"wp","href":"https:\/\/api.w.org\/{rel}","templated":true}]}}